{"id":14867,"date":"2024-10-01T13:20:42","date_gmt":"2024-10-01T13:20:42","guid":{"rendered":"https:\/\/hospicesenb.ca\/?page_id=14867"},"modified":"2026-03-06T12:40:26","modified_gmt":"2026-03-06T12:40:26","slug":"candlelight-memorial-service","status":"publish","type":"page","link":"https:\/\/hospicesenb.ca\/fr_ca\/candlelight-memorial-service\/","title":{"rendered":"C\u00e9r\u00e9monie comm\u00e9morative aux chandelles"},"content":{"rendered":"\t\t<div data-elementor-type=\"wp-page\" data-elementor-id=\"14867\" class=\"elementor elementor-14867\" data-elementor-post-type=\"page\">\n\t\t\t\t\t\t<section class=\"elementor-section elementor-top-section elementor-element elementor-element-5ab17ef8 elementor-section-height-min-height elementor-section-boxed elementor-section-height-default elementor-section-items-middle\" data-id=\"5ab17ef8\" data-element_type=\"section\" data-e-type=\"section\" data-settings=\"{&quot;background_background&quot;:&quot;classic&quot;}\">\n\t\t\t\t\t\t\t<div class=\"elementor-background-overlay\"><\/div>\n\t\t\t\t\t\t\t<div class=\"elementor-container elementor-column-gap-default\">\n\t\t\t\t\t<div class=\"elementor-column elementor-col-100 elementor-top-column elementor-element elementor-element-41903bf1\" data-id=\"41903bf1\" data-element_type=\"column\" data-e-type=\"column\">\n\t\t\t<div class=\"elementor-widget-wrap elementor-element-populated\">\n\t\t\t\t\t\t<div class=\"elementor-element elementor-element-c4604ec elementor-widget elementor-widget-woocommerce-breadcrumb\" data-id=\"c4604ec\" data-element_type=\"widget\" data-e-type=\"widget\" data-widget_type=\"woocommerce-breadcrumb.default\">\n\t\t\t\t<div class=\"elementor-widget-container\">\n\t\t\t\t\t<nav class=\"woocommerce-breadcrumb\" aria-label=\"Breadcrumb\">Accueil<\/nav>\t\t\t\t<\/div>\n\t\t\t\t<\/div>\n\t\t\t\t\t<\/div>\n\t\t<\/div>\n\t\t\t\t\t<\/div>\n\t\t<\/section>\n\t\t\t\t<section class=\"elementor-section elementor-top-section elementor-element elementor-element-3c5950d3 elementor-section-height-min-height elementor-section-boxed elementor-section-height-default elementor-section-items-middle\" data-id=\"3c5950d3\" data-element_type=\"section\" data-e-type=\"section\" data-settings=\"{&quot;background_background&quot;:&quot;classic&quot;}\">\n\t\t\t\t\t\t\t<div class=\"elementor-background-overlay\"><\/div>\n\t\t\t\t\t\t\t<div class=\"elementor-container elementor-column-gap-default\">\n\t\t\t\t\t<div class=\"elementor-column elementor-col-100 elementor-top-column elementor-element elementor-element-2b9f8539\" data-id=\"2b9f8539\" data-element_type=\"column\" data-e-type=\"column\">\n\t\t\t<div class=\"elementor-widget-wrap elementor-element-populated\">\n\t\t\t\t\t\t<div class=\"elementor-element elementor-element-52f61bf elementor-widget elementor-widget-elementskit-heading\" data-id=\"52f61bf\" data-element_type=\"widget\" data-e-type=\"widget\" data-widget_type=\"elementskit-heading.default\">\n\t\t\t\t<div class=\"elementor-widget-container\">\n\t\t\t\t\t<div class=\"ekit-wid-con\" ><div class=\"ekit-heading elementskit-section-title-wraper text_center   ekit_heading_tablet-   ekit_heading_mobile-\"><h3 class=\"ekit-heading--title elementskit-section-title \">Attend our Candlelight Memorial Service<\/h3><div class=\"ekit_heading_separetor_wraper ekit_heading_elementskit-border-divider elementskit-style-long\"><div class=\"elementskit-border-divider elementskit-style-long\"><\/div><\/div><\/div><\/div>\t\t\t\t<\/div>\n\t\t\t\t<\/div>\n\t\t\t\t<section class=\"elementor-section elementor-inner-section elementor-element elementor-element-4ce58f86 elementor-section-boxed elementor-section-height-default elementor-section-height-default\" data-id=\"4ce58f86\" data-element_type=\"section\" data-e-type=\"section\">\n\t\t\t\t\t\t<div class=\"elementor-container elementor-column-gap-default\">\n\t\t\t\t\t<div class=\"elementor-column elementor-col-50 elementor-inner-column elementor-element elementor-element-3944638a\" data-id=\"3944638a\" data-element_type=\"column\" data-e-type=\"column\">\n\t\t\t<div class=\"elementor-widget-wrap elementor-element-populated\">\n\t\t\t\t\t\t<div class=\"elementor-element elementor-element-346b1d7b elementor-widget elementor-widget-image\" data-id=\"346b1d7b\" data-element_type=\"widget\" data-e-type=\"widget\" data-widget_type=\"image.default\">\n\t\t\t\t<div class=\"elementor-widget-container\">\n\t\t\t\t\t\t\t\t\t\t\t\t\t\t\t\t<a href=\"https:\/\/forms.gle\/2BVv7DMc4gcnWKQw8\">\n\t\t\t\t\t\t\t<img fetchpriority=\"high\" decoding=\"async\" width=\"768\" height=\"568\" src=\"https:\/\/hospicesenb.ca\/wp-content\/uploads\/2026\/01\/2026-Candlelight-Memorial-Service-1920-x-1080-px-regular-font-768x568.png\" class=\"elementor-animation-hang attachment-medium_large size-medium_large wp-image-16019\" alt=\"\" srcset=\"https:\/\/hospicesenb.ca\/wp-content\/uploads\/2026\/01\/2026-Candlelight-Memorial-Service-1920-x-1080-px-regular-font-768x568.png 768w, https:\/\/hospicesenb.ca\/wp-content\/uploads\/2026\/01\/2026-Candlelight-Memorial-Service-1920-x-1080-px-regular-font-300x222.png 300w, https:\/\/hospicesenb.ca\/wp-content\/uploads\/2026\/01\/2026-Candlelight-Memorial-Service-1920-x-1080-px-regular-font-1024x757.png 1024w, https:\/\/hospicesenb.ca\/wp-content\/uploads\/2026\/01\/2026-Candlelight-Memorial-Service-1920-x-1080-px-regular-font-1536x1136.png 1536w, https:\/\/hospicesenb.ca\/wp-content\/uploads\/2026\/01\/2026-Candlelight-Memorial-Service-1920-x-1080-px-regular-font-16x12.png 16w, https:\/\/hospicesenb.ca\/wp-content\/uploads\/2026\/01\/2026-Candlelight-Memorial-Service-1920-x-1080-px-regular-font-600x444.png 600w, https:\/\/hospicesenb.ca\/wp-content\/uploads\/2026\/01\/2026-Candlelight-Memorial-Service-1920-x-1080-px-regular-font.png 1920w\" sizes=\"(max-width: 768px) 100vw, 768px\" \/>\t\t\t\t\t\t\t\t<\/a>\n\t\t\t\t\t\t\t\t\t\t\t\t\t\t\t<\/div>\n\t\t\t\t<\/div>\n\t\t\t\t\t<\/div>\n\t\t<\/div>\n\t\t\t\t<div class=\"elementor-column elementor-col-50 elementor-inner-column elementor-element elementor-element-574d24e9\" data-id=\"574d24e9\" data-element_type=\"column\" data-e-type=\"column\" data-settings=\"{&quot;background_background&quot;:&quot;classic&quot;}\">\n\t\t\t<div class=\"elementor-widget-wrap elementor-element-populated\">\n\t\t\t\t\t\t<div class=\"elementor-element elementor-element-247dab06 elementor-widget elementor-widget-heading\" data-id=\"247dab06\" data-element_type=\"widget\" data-e-type=\"widget\" data-widget_type=\"heading.default\">\n\t\t\t\t<div class=\"elementor-widget-container\">\n\t\t\t\t\t<h3 class=\"elementor-heading-title elementor-size-default\"><p data-pm-slice=\"1 1 []\">Everyone is welcome!<span style=\"color: var( --e-global-color-accent );font-family: var( --e-global-typography-f6203de-font-family ), Sans-serif;font-size: 1.7em;font-weight: var( --e-global-typography-f6203de-font-weight );letter-spacing: var( --e-global-typography-f6203de-letter-spacing )\"><\/span><\/p><\/h3>\t\t\t\t<\/div>\n\t\t\t\t<\/div>\n\t\t\t\t<div class=\"elementor-element elementor-element-7a4a8c1e elementor-widget elementor-widget-text-editor\" data-id=\"7a4a8c1e\" data-element_type=\"widget\" data-e-type=\"widget\" data-widget_type=\"text-editor.default\">\n\t\t\t\t<div class=\"elementor-widget-container\">\n\t\t\t\t\t\t\t\t\t<p data-pm-slice=\"1 1 []\">Join us for an evening of reflection, remembrance, and community at our annual Candlelight Memorial Service. On this special night, we come together to honour the memory of those we&#8217;ve lost, offering a space to celebrate their lives and the love we continue to hold for them.<\/p><p data-pm-slice=\"1 1 []\">This event is open to everyone, whether you\u2019ve experienced a recent loss or are honouring someone who passed years ago. Whether you\u2019re remembering a family member, friend, or a beloved pet, this is a supportive space for all forms of grief.<\/p><p><span style=\"color: var( --e-global-color-accent ); font-family: var( --e-global-typography-text-font-family ), Sans-serif;\">Let\u2019s come together in love, light, and remembrance<\/span><\/p>\t\t\t\t\t\t\t\t<\/div>\n\t\t\t\t<\/div>\n\t\t\t\t\t<\/div>\n\t\t<\/div>\n\t\t\t\t\t<\/div>\n\t\t<\/section>\n\t\t\t\t<section class=\"elementor-section elementor-inner-section elementor-element elementor-element-3442312c elementor-reverse-mobile elementor-section-boxed elementor-section-height-default elementor-section-height-default\" data-id=\"3442312c\" data-element_type=\"section\" data-e-type=\"section\">\n\t\t\t\t\t\t<div class=\"elementor-container elementor-column-gap-default\">\n\t\t\t\t\t<div class=\"elementor-column elementor-col-50 elementor-inner-column elementor-element elementor-element-19996f73\" data-id=\"19996f73\" data-element_type=\"column\" data-e-type=\"column\" data-settings=\"{&quot;background_background&quot;:&quot;classic&quot;}\">\n\t\t\t<div class=\"elementor-widget-wrap elementor-element-populated\">\n\t\t\t\t\t\t<div class=\"elementor-element elementor-element-785cc4c0 elementor-widget elementor-widget-heading\" data-id=\"785cc4c0\" data-element_type=\"widget\" data-e-type=\"widget\" data-widget_type=\"heading.default\">\n\t\t\t\t<div class=\"elementor-widget-container\">\n\t\t\t\t\t<h3 class=\"elementor-heading-title elementor-size-default\">What to Expect &amp; What to Bring<\/h3>\t\t\t\t<\/div>\n\t\t\t\t<\/div>\n\t\t\t\t<div class=\"elementor-element elementor-element-4d015ed9 elementor-widget elementor-widget-text-editor\" data-id=\"4d015ed9\" data-element_type=\"widget\" data-e-type=\"widget\" data-widget_type=\"text-editor.default\">\n\t\t\t\t<div class=\"elementor-widget-container\">\n\t\t\t\t\t\t\t\t\t<p data-pm-slice=\"1 1 []\"><strong>Candle Lighting Ceremony:<\/strong> A beautiful moment to honour your loved ones and light a candle in their memory.<\/p><p data-pm-slice=\"1 1 []\"><strong>Readings &amp; Reflections:<\/strong> Uplifting words and music to help us reflect on love, loss, forgiveness, and peace.<\/p><p data-pm-slice=\"1 1 []\"><strong>Moment of Silence:<\/strong> A quiet moment to remember together.<\/p><p data-pm-slice=\"1 1 []\"><b style=\"color: var( --e-global-color-accent ); background-color: var( --e-global-color-70ec399 ); font-family: var( --e-global-typography-text-font-family ), Sans-serif;\">What to Bring: <\/b><span style=\"color: var( --e-global-color-accent ); background-color: var( --e-global-color-70ec399 ); font-family: var( --e-global-typography-text-font-family ), Sans-serif;\">We encourage you to bring a framed photo of your loved one(s) to place on the table during the ceremony (participation is optional). After the ceremony, you will take your photo home again.<\/span><\/p>\t\t\t\t\t\t\t\t<\/div>\n\t\t\t\t<\/div>\n\t\t\t\t\t<\/div>\n\t\t<\/div>\n\t\t\t\t<div class=\"elementor-column elementor-col-50 elementor-inner-column elementor-element elementor-element-53d76c82\" data-id=\"53d76c82\" data-element_type=\"column\" data-e-type=\"column\">\n\t\t\t<div class=\"elementor-widget-wrap elementor-element-populated\">\n\t\t\t\t\t\t<div class=\"elementor-element elementor-element-2522135 elementor-widget elementor-widget-image\" data-id=\"2522135\" data-element_type=\"widget\" data-e-type=\"widget\" data-widget_type=\"image.default\">\n\t\t\t\t<div class=\"elementor-widget-container\">\n\t\t\t\t\t\t\t\t\t\t\t\t\t\t\t<img decoding=\"async\" width=\"768\" height=\"644\" src=\"https:\/\/hospicesenb.ca\/wp-content\/uploads\/2024\/10\/Framed-photos-768x644.png\" class=\"elementor-animation-hang attachment-medium_large size-medium_large wp-image-14870\" alt=\"\" srcset=\"https:\/\/hospicesenb.ca\/wp-content\/uploads\/2024\/10\/Framed-photos-768x644.png 768w, https:\/\/hospicesenb.ca\/wp-content\/uploads\/2024\/10\/Framed-photos-300x251.png 300w, https:\/\/hospicesenb.ca\/wp-content\/uploads\/2024\/10\/Framed-photos-14x12.png 14w, https:\/\/hospicesenb.ca\/wp-content\/uploads\/2024\/10\/Framed-photos-600x503.png 600w, https:\/\/hospicesenb.ca\/wp-content\/uploads\/2024\/10\/Framed-photos.png 940w\" sizes=\"(max-width: 768px) 100vw, 768px\" \/>\t\t\t\t\t\t\t\t\t\t\t\t\t\t\t<\/div>\n\t\t\t\t<\/div>\n\t\t\t\t\t<\/div>\n\t\t<\/div>\n\t\t\t\t\t<\/div>\n\t\t<\/section>\n\t\t\t\t<section class=\"elementor-section elementor-inner-section elementor-element elementor-element-60591a1 elementor-section-boxed elementor-section-height-default elementor-section-height-default\" data-id=\"60591a1\" data-element_type=\"section\" data-e-type=\"section\">\n\t\t\t\t\t\t<div class=\"elementor-container elementor-column-gap-default\">\n\t\t\t\t\t<div class=\"elementor-column elementor-col-100 elementor-inner-column elementor-element elementor-element-9d58be6\" data-id=\"9d58be6\" data-element_type=\"column\" data-e-type=\"column\">\n\t\t\t<div class=\"elementor-widget-wrap\">\n\t\t\t\t\t\t\t<\/div>\n\t\t<\/div>\n\t\t\t\t\t<\/div>\n\t\t<\/section>\n\t\t\t\t\t<\/div>\n\t\t<\/div>\n\t\t\t\t\t<\/div>\n\t\t<\/section>\n\t\t<div class=\"elementor-element elementor-element-89a2704 e-con-full e-flex e-con e-parent\" data-id=\"89a2704\" data-element_type=\"container\" data-e-type=\"container\">\n\t\t\t\t<div class=\"elementor-element elementor-element-d5af140 elementor-widget elementor-widget-image\" data-id=\"d5af140\" data-element_type=\"widget\" data-e-type=\"widget\" data-widget_type=\"image.default\">\n\t\t\t\t<div class=\"elementor-widget-container\">\n\t\t\t\t\t\t\t\t\t\t\t\t\t\t\t<img decoding=\"async\" width=\"1080\" height=\"21\" src=\"https:\/\/hospicesenb.ca\/wp-content\/uploads\/2023\/09\/Untitled-design-2-1-e1695071424209.png\" class=\"attachment-full size-full wp-image-1314\" alt=\"Separator\" srcset=\"https:\/\/hospicesenb.ca\/wp-content\/uploads\/2023\/09\/Untitled-design-2-1-e1695071424209.png 1080w, https:\/\/hospicesenb.ca\/wp-content\/uploads\/2023\/09\/Untitled-design-2-1-e1695071424209-300x6.png 300w, https:\/\/hospicesenb.ca\/wp-content\/uploads\/2023\/09\/Untitled-design-2-1-e1695071424209-1024x20.png 1024w, https:\/\/hospicesenb.ca\/wp-content\/uploads\/2023\/09\/Untitled-design-2-1-e1695071424209-768x15.png 768w, https:\/\/hospicesenb.ca\/wp-content\/uploads\/2023\/09\/Untitled-design-2-1-e1695071424209-600x12.png 600w\" sizes=\"(max-width: 1080px) 100vw, 1080px\" \/>\t\t\t\t\t\t\t\t\t\t\t\t\t\t\t<\/div>\n\t\t\t\t<\/div>\n\t\t\t\t<\/div>\n\t\t\t\t<section class=\"elementor-section elementor-top-section elementor-element elementor-element-441142a elementor-section-boxed elementor-section-height-default elementor-section-height-default\" data-id=\"441142a\" data-element_type=\"section\" data-e-type=\"section\">\n\t\t\t\t\t\t<div class=\"elementor-container elementor-column-gap-default\">\n\t\t\t\t\t<div class=\"elementor-column elementor-col-50 elementor-top-column elementor-element elementor-element-8e523ae\" data-id=\"8e523ae\" data-element_type=\"column\" data-e-type=\"column\">\n\t\t\t<div class=\"elementor-widget-wrap elementor-element-populated\">\n\t\t\t\t\t\t<div class=\"elementor-element elementor-element-f64a367 elementor-widget elementor-widget-heading\" data-id=\"f64a367\" data-element_type=\"widget\" data-e-type=\"widget\" data-widget_type=\"heading.default\">\n\t\t\t\t<div class=\"elementor-widget-container\">\n\t\t\t\t\t<div class=\"elementor-heading-title elementor-size-default\">JOIN THE MOVEMENT<\/div>\t\t\t\t<\/div>\n\t\t\t\t<\/div>\n\t\t\t\t<div class=\"elementor-element elementor-element-79ef1c0 animated-slow elementor-invisible elementor-widget elementor-widget-heading\" data-id=\"79ef1c0\" data-element_type=\"widget\" data-e-type=\"widget\" data-settings=\"{&quot;_animation&quot;:&quot;fadeInUp&quot;}\" data-widget_type=\"heading.default\">\n\t\t\t\t<div class=\"elementor-widget-container\">\n\t\t\t\t\t<h3 class=\"elementor-heading-title elementor-size-default\">Upcoming Events<\/h3>\t\t\t\t<\/div>\n\t\t\t\t<\/div>\n\t\t\t\t\t<\/div>\n\t\t<\/div>\n\t\t\t\t<div class=\"elementor-column elementor-col-50 elementor-top-column elementor-element elementor-element-bcc5646\" data-id=\"bcc5646\" data-element_type=\"column\" data-e-type=\"column\">\n\t\t\t<div class=\"elementor-widget-wrap elementor-element-populated\">\n\t\t\t\t\t\t<div class=\"elementor-element elementor-element-b0ba24e elementor-widget elementor-widget-text-editor\" data-id=\"b0ba24e\" data-element_type=\"widget\" data-e-type=\"widget\" data-widget_type=\"text-editor.default\">\n\t\t\t\t<div class=\"elementor-widget-container\">\n\t\t\t\t\t\t\t\t\t<p>Stay updated on our latest events, workshops, seminars, and fundraisers. Each event is thoughtfully designed to create a sense of community while addressing important topics related to end-of-life care, grief support, and more.<\/p>\t\t\t\t\t\t\t\t<\/div>\n\t\t\t\t<\/div>\n\t\t\t\t\t<\/div>\n\t\t<\/div>\n\t\t\t\t\t<\/div>\n\t\t<\/section>\n\t\t<div class=\"elementor-element elementor-element-15f6c26 e-flex e-con-boxed e-con e-parent\" data-id=\"15f6c26\" data-element_type=\"container\" data-e-type=\"container\">\n\t\t\t\t\t<div class=\"e-con-inner\">\n\t\t\t\t<div class=\"elementor-element elementor-element-a6fdc06 elementor-widget elementor-widget-shortcode\" data-id=\"a6fdc06\" data-element_type=\"widget\" data-e-type=\"widget\" data-widget_type=\"shortcode.default\">\n\t\t\t\t<div class=\"elementor-widget-container\">\n\t\t\t\t\t\t\t<div class=\"elementor-shortcode\"><div class=\"em em-view-container\" id=\"em-view-2087461865\" data-view=\"list\">\r\n\t<div class=\"em pixelbones em-list em-events-list\" id=\"em-events-list-2087461865\" data-view-id=\"2087461865\">\r\n\t<div class=\"em-event em-item \" style=\"--default-border:#a8d144;\">\n\t<div class=\"em-item-image has-placeholder\">\n\t\t\n\t\t\n\t\t<div class=\"em-item-image-placeholder\">\n\t\t\t<div class=\"date\">\n\t\t\t\t<span class=\"day\">04<\/span>\n\t\t\t\t<span class=\"month\">Mai<\/span>\n\t\t\t<\/div>\n\t\t<\/div>\n\t\t\n\t<\/div>\n\t<div class=\"em-item-info\">\n\t\t<h3 class=\"em-item-title\"><a href=\"https:\/\/hospicesenb.ca\/fr_ca\/community-events-\/moncton-grief-cafe-3\/\">Moncton Grief Cafe<\/a><\/h3>\n\t\t\n\t\t<div class=\"em-event-meta em-item-meta\">\n\t\t\t<div class=\"em-item-meta-line em-event-date em-event-meta-datetime\">\n\t\t\t\t<span class=\"em-icon-calendar em-icon\"><\/span>\n\t\t\t\tmai 4, 2026&nbsp;&nbsp;&nbsp;&nbsp;\n\t\t\t<\/div>\n\t\t\t<div class=\"em-item-meta-line em-event-time em-event-meta-datetime\">\n\t\t\t\t<span class=\"em-icon-clock em-icon\"><\/span>\n\t\t\t\t2:30 pm - 4:00 pm\n\t\t\t<\/div>\n\t\t\t\n\t\t\t\n\t\t\t<div class=\"em-item-meta-line em-event-location\">\n\t\t\t\t<span class=\"em-icon-location em-icon\"><\/span>\n\t\t\t\t<a href=\"https:\/\/hospicesenb.ca\/fr_ca\/locations\/biblio-moncton-library\/\">Biblio Moncton Library<\/a>\n\t\t\t<\/div>\n\t\t\t\n\t\t\t\n\t\t\t\n\t\t\t\n\t\t<\/div>\n\t\t<div class=\"em-item-desc\">\n\t\t\t&nbsp; We know that grief doesn't follow a schedule, and sometimes you just need to connect with others who understand. That's why we are offering [...]\n\t\t<\/div>\n\t\t<div class=\"em-item-actions input\">\n\t\t\t<a class=\"em-item-read-more button\" href=\"https:\/\/hospicesenb.ca\/fr_ca\/community-events-\/moncton-grief-cafe-3\/\">More Info<\/a>\n\t\t\t\n\t\t<\/div>\n\t<\/div>\n<\/div><div class=\"em-event em-item \" style=\"--default-border:#a8d144;\">\n\t<div class=\"em-item-image has-placeholder\">\n\t\t\n\t\t\n\t\t<div class=\"em-item-image-placeholder\">\n\t\t\t<div class=\"date\">\n\t\t\t\t<span class=\"day\">12<\/span>\n\t\t\t\t<span class=\"month\">Mai<\/span>\n\t\t\t<\/div>\n\t\t<\/div>\n\t\t\n\t<\/div>\n\t<div class=\"em-item-info\">\n\t\t<h3 class=\"em-item-title\"><a href=\"https:\/\/hospicesenb.ca\/fr_ca\/community-events-\/16015\/\">Cafe sur la deuil Dieppe<\/a><\/h3>\n\t\t\n\t\t<div class=\"em-event-meta em-item-meta\">\n\t\t\t<div class=\"em-item-meta-line em-event-date em-event-meta-datetime\">\n\t\t\t\t<span class=\"em-icon-calendar em-icon\"><\/span>\n\t\t\t\tmai 12, 2026&nbsp;&nbsp;&nbsp;&nbsp;\n\t\t\t<\/div>\n\t\t\t<div class=\"em-item-meta-line em-event-time em-event-meta-datetime\">\n\t\t\t\t<span class=\"em-icon-clock em-icon\"><\/span>\n\t\t\t\t10:00 am - 11:30 am\n\t\t\t<\/div>\n\t\t\t\n\t\t\t\n\t\t\t<div class=\"em-item-meta-line em-event-location\">\n\t\t\t\t<span class=\"em-icon-location em-icon\"><\/span>\n\t\t\t\t<a href=\"https:\/\/hospicesenb.ca\/fr_ca\/locations\/biblio-dieppe-public-library\/\">Biblio Dieppe Public Library<\/a>\n\t\t\t<\/div>\n\t\t\t\n\t\t\t\n\t\t\t\n\t\t\t\n\t\t<\/div>\n\t\t<div class=\"em-item-desc\">\n\t\t\t&nbsp; &nbsp; We know that grief doesn't follow a schedule, and sometimes you just need to connect with others who understand. That's why we are [...]\n\t\t<\/div>\n\t\t<div class=\"em-item-actions input\">\n\t\t\t<a class=\"em-item-read-more button\" href=\"https:\/\/hospicesenb.ca\/fr_ca\/community-events-\/16015\/\">More Info<\/a>\n\t\t\t\n\t\t<\/div>\n\t<\/div>\n<\/div><div class=\"em-event em-item \" style=\"--default-border:#a8d144;\">\n\t<div class=\"em-item-image has-placeholder\">\n\t\t\n\t\t\n\t\t<div class=\"em-item-image-placeholder\">\n\t\t\t<div class=\"date\">\n\t\t\t\t<span class=\"day\">01<\/span>\n\t\t\t\t<span class=\"month\">Juin<\/span>\n\t\t\t<\/div>\n\t\t<\/div>\n\t\t\n\t<\/div>\n\t<div class=\"em-item-info\">\n\t\t<h3 class=\"em-item-title\"><a href=\"https:\/\/hospicesenb.ca\/fr_ca\/community-events-\/moncton-grief-cafe-3\/\">Moncton Grief Cafe<\/a><\/h3>\n\t\t\n\t\t<div class=\"em-event-meta em-item-meta\">\n\t\t\t<div class=\"em-item-meta-line em-event-date em-event-meta-datetime\">\n\t\t\t\t<span class=\"em-icon-calendar em-icon\"><\/span>\n\t\t\t\tjuin 1, 2026&nbsp;&nbsp;&nbsp;&nbsp;\n\t\t\t<\/div>\n\t\t\t<div class=\"em-item-meta-line em-event-time em-event-meta-datetime\">\n\t\t\t\t<span class=\"em-icon-clock em-icon\"><\/span>\n\t\t\t\t2:30 pm - 4:00 pm\n\t\t\t<\/div>\n\t\t\t\n\t\t\t\n\t\t\t<div class=\"em-item-meta-line em-event-location\">\n\t\t\t\t<span class=\"em-icon-location em-icon\"><\/span>\n\t\t\t\t<a href=\"https:\/\/hospicesenb.ca\/fr_ca\/locations\/biblio-moncton-library\/\">Biblio Moncton Library<\/a>\n\t\t\t<\/div>\n\t\t\t\n\t\t\t\n\t\t\t\n\t\t\t\n\t\t<\/div>\n\t\t<div class=\"em-item-desc\">\n\t\t\t&nbsp; We know that grief doesn't follow a schedule, and sometimes you just need to connect with others who understand. That's why we are offering [...]\n\t\t<\/div>\n\t\t<div class=\"em-item-actions input\">\n\t\t\t<a class=\"em-item-read-more button\" href=\"https:\/\/hospicesenb.ca\/fr_ca\/community-events-\/moncton-grief-cafe-3\/\">More Info<\/a>\n\t\t\t\n\t\t<\/div>\n\t<\/div>\n<\/div><div class=\"em-event em-item \" style=\"--default-border:#a8d144;\">\n\t<div class=\"em-item-image \">\n\t\t\n\t\t<img src='https:\/\/hospicesenb.ca\/wp-content\/uploads\/2026\/03\/1.png' alt='Golf Tournament 2026'\/>\n\t\t\n\t\t\n\t<\/div>\n\t<div class=\"em-item-info\">\n\t\t<h3 class=\"em-item-title\"><a href=\"https:\/\/hospicesenb.ca\/fr_ca\/community-events-\/golf2026\/\">Golf Tournament 2026<\/a><\/h3>\n\t\t\n\t\t<div class=\"em-event-meta em-item-meta\">\n\t\t\t<div class=\"em-item-meta-line em-event-date em-event-meta-datetime\">\n\t\t\t\t<span class=\"em-icon-calendar em-icon\"><\/span>\n\t\t\t\tjuillet 30, 2026&nbsp;&nbsp;&nbsp;&nbsp;\n\t\t\t<\/div>\n\t\t\t<div class=\"em-item-meta-line em-event-time em-event-meta-datetime\">\n\t\t\t\t<span class=\"em-icon-clock em-icon\"><\/span>\n\t\t\t\t8:00 am\n\t\t\t<\/div>\n\t\t\t\n\t\t\t\n\t\t\t\n\t\t\t\n\t\t\t\n\t\t<\/div>\n\t\t<div class=\"em-item-desc\">\n\t\t\tRegistration for our 2026 event opens soon! Sponsored by BMW Moncton, the annual Hospice Southeast New Brunswick Memorial Golf Tournament will be held on Thursday, [...]\n\t\t<\/div>\n\t\t<div class=\"em-item-actions input\">\n\t\t\t<a class=\"em-item-read-more button\" href=\"https:\/\/hospicesenb.ca\/fr_ca\/community-events-\/golf2026\/\">More Info<\/a>\n\t\t\t\n\t\t<\/div>\n\t<\/div>\n<\/div><div class=\"em-pagination em-ajax\" data-em-ajax=\"id=2087461865&amp;limit=4&amp;action=search_events\"> <span class=\"page-numbers current\">1<\/span> <a class=\"page-numbers\" href=\"\/fr_ca\/wp-json\/wp\/v2\/pages\/14867?pno=2\" title=\"2\">2<\/a>  <a class=\"next page-numbers\" href=\"\/fr_ca\/wp-json\/wp\/v2\/pages\/14867?pno=2\" title=\"2\">&gt;<\/a>  <\/div>\t<\/div>\r\n<\/div><\/div>\n\t\t\t\t\t\t<\/div>\n\t\t\t\t<\/div>\n\t\t\t\t\t<\/div>\n\t\t\t\t<\/div>\n\t\t\t\t<\/div>\n\t\t","protected":false},"excerpt":{"rendered":"<p>Attend our Candlelight Memorial Service Everyone is welcome! Join us for an evening of reflection, remembrance, and community at our annual Candlelight Memorial Service. On this special night, we come [&hellip;]<\/p>\n","protected":false},"author":7,"featured_media":5415,"parent":0,"menu_order":0,"comment_status":"closed","ping_status":"closed","template":"elementor_header_footer","meta":{"footnotes":""},"class_list":["post-14867","page","type-page","status-publish","has-post-thumbnail","hentry"],"yoast_head":"<!-- This site is optimized with the Yoast SEO plugin v27.5 - https:\/\/yoast.com\/product\/yoast-seo-wordpress\/ -->\n<title>Candlelight Memorial Service - Hospice SENB<\/title>\n<meta name=\"description\" content=\"Join Hospice SENB&#039;s Candlelight Memorial Service to honour and remember loved ones. Experience a heartfelt evening of reflection, remembrance, and community as we light candles in memory of those we&#039;ve lost.\" \/>\n<meta name=\"robots\" content=\"index, follow, max-snippet:-1, max-image-preview:large, max-video-preview:-1\" \/>\n<link rel=\"canonical\" href=\"https:\/\/hospicesenb.ca\/fr_ca\/candlelight-memorial-service\/\" \/>\n<meta property=\"og:locale\" content=\"fr_CA\" \/>\n<meta property=\"og:type\" content=\"article\" \/>\n<meta property=\"og:title\" content=\"Candlelight Memorial Service - Hospice SENB\" \/>\n<meta property=\"og:description\" content=\"Join Hospice SENB&#039;s Candlelight Memorial Service to honour and remember loved ones. Experience a heartfelt evening of reflection, remembrance, and community as we light candles in memory of those we&#039;ve lost.\" \/>\n<meta property=\"og:url\" content=\"https:\/\/hospicesenb.ca\/fr_ca\/candlelight-memorial-service\/\" \/>\n<meta property=\"og:site_name\" content=\"Hospice SENB\" \/>\n<meta property=\"article:modified_time\" content=\"2026-03-06T12:40:26+00:00\" \/>\n<meta property=\"og:image\" content=\"https:\/\/hospicesenb.ca\/wp-content\/uploads\/2023\/11\/img-25-scaled.webp\" \/>\n\t<meta property=\"og:image:width\" content=\"2560\" \/>\n\t<meta property=\"og:image:height\" content=\"1862\" \/>\n\t<meta property=\"og:image:type\" content=\"image\/webp\" \/>\n<meta name=\"twitter:card\" content=\"summary_large_image\" \/>\n<meta name=\"twitter:label1\" content=\"Estimation du temps de lecture\" \/>\n\t<meta name=\"twitter:data1\" content=\"2 minutes\" \/>\n<script type=\"application\/ld+json\" class=\"yoast-schema-graph\">{\"@context\":\"https:\\\/\\\/schema.org\",\"@graph\":[{\"@type\":\"WebPage\",\"@id\":\"https:\\\/\\\/hospicesenb.ca\\\/candlelight-memorial-service\\\/\",\"url\":\"https:\\\/\\\/hospicesenb.ca\\\/candlelight-memorial-service\\\/\",\"name\":\"Candlelight Memorial Service - Hospice SENB\",\"isPartOf\":{\"@id\":\"https:\\\/\\\/hospicesenb.ca\\\/#website\"},\"primaryImageOfPage\":{\"@id\":\"https:\\\/\\\/hospicesenb.ca\\\/candlelight-memorial-service\\\/#primaryimage\"},\"image\":{\"@id\":\"https:\\\/\\\/hospicesenb.ca\\\/candlelight-memorial-service\\\/#primaryimage\"},\"thumbnailUrl\":\"https:\\\/\\\/hospicesenb.ca\\\/wp-content\\\/uploads\\\/2023\\\/11\\\/img-25-scaled.webp\",\"datePublished\":\"2024-10-01T13:20:42+00:00\",\"dateModified\":\"2026-03-06T12:40:26+00:00\",\"description\":\"Join Hospice SENB's Candlelight Memorial Service to honour and remember loved ones. Experience a heartfelt evening of reflection, remembrance, and community as we light candles in memory of those we've lost.\",\"breadcrumb\":{\"@id\":\"https:\\\/\\\/hospicesenb.ca\\\/candlelight-memorial-service\\\/#breadcrumb\"},\"inLanguage\":\"fr-CA\",\"potentialAction\":[{\"@type\":\"ReadAction\",\"target\":[\"https:\\\/\\\/hospicesenb.ca\\\/candlelight-memorial-service\\\/\"]}]},{\"@type\":\"ImageObject\",\"inLanguage\":\"fr-CA\",\"@id\":\"https:\\\/\\\/hospicesenb.ca\\\/candlelight-memorial-service\\\/#primaryimage\",\"url\":\"https:\\\/\\\/hospicesenb.ca\\\/wp-content\\\/uploads\\\/2023\\\/11\\\/img-25-scaled.webp\",\"contentUrl\":\"https:\\\/\\\/hospicesenb.ca\\\/wp-content\\\/uploads\\\/2023\\\/11\\\/img-25-scaled.webp\",\"width\":2560,\"height\":1862,\"caption\":\"none\"},{\"@type\":\"BreadcrumbList\",\"@id\":\"https:\\\/\\\/hospicesenb.ca\\\/candlelight-memorial-service\\\/#breadcrumb\",\"itemListElement\":[{\"@type\":\"ListItem\",\"position\":1,\"name\":\"Home\",\"item\":\"https:\\\/\\\/hospicesenb.ca\\\/\"},{\"@type\":\"ListItem\",\"position\":2,\"name\":\"Candlelight Memorial Service\"}]},{\"@type\":\"WebSite\",\"@id\":\"https:\\\/\\\/hospicesenb.ca\\\/#website\",\"url\":\"https:\\\/\\\/hospicesenb.ca\\\/\",\"name\":\"Hospice SENB\",\"description\":\"\",\"publisher\":{\"@id\":\"https:\\\/\\\/hospicesenb.ca\\\/#organization\"},\"potentialAction\":[{\"@type\":\"SearchAction\",\"target\":{\"@type\":\"EntryPoint\",\"urlTemplate\":\"https:\\\/\\\/hospicesenb.ca\\\/?s={search_term_string}\"},\"query-input\":{\"@type\":\"PropertyValueSpecification\",\"valueRequired\":true,\"valueName\":\"search_term_string\"}}],\"inLanguage\":\"fr-CA\"},{\"@type\":\"Organization\",\"@id\":\"https:\\\/\\\/hospicesenb.ca\\\/#organization\",\"name\":\"Hospice SENB\",\"url\":\"https:\\\/\\\/hospicesenb.ca\\\/\",\"logo\":{\"@type\":\"ImageObject\",\"inLanguage\":\"fr-CA\",\"@id\":\"https:\\\/\\\/hospicesenb.ca\\\/#\\\/schema\\\/logo\\\/image\\\/\",\"url\":\"https:\\\/\\\/hospicesenb.ca\\\/wp-content\\\/uploads\\\/2023\\\/09\\\/Hospice-Logo-Dark.webp\",\"contentUrl\":\"https:\\\/\\\/hospicesenb.ca\\\/wp-content\\\/uploads\\\/2023\\\/09\\\/Hospice-Logo-Dark.webp\",\"width\":578,\"height\":336,\"caption\":\"Hospice SENB\"},\"image\":{\"@id\":\"https:\\\/\\\/hospicesenb.ca\\\/#\\\/schema\\\/logo\\\/image\\\/\"}}]}<\/script>\n<!-- \/ Yoast SEO plugin. -->","yoast_head_json":{"title":"Candlelight Memorial Service - Hospice SENB","description":"Join Hospice SENB's Candlelight Memorial Service to honour and remember loved ones. Experience a heartfelt evening of reflection, remembrance, and community as we light candles in memory of those we've lost.","robots":{"index":"index","follow":"follow","max-snippet":"max-snippet:-1","max-image-preview":"max-image-preview:large","max-video-preview":"max-video-preview:-1"},"canonical":"https:\/\/hospicesenb.ca\/fr_ca\/candlelight-memorial-service\/","og_locale":"fr_CA","og_type":"article","og_title":"Candlelight Memorial Service - Hospice SENB","og_description":"Join Hospice SENB's Candlelight Memorial Service to honour and remember loved ones. Experience a heartfelt evening of reflection, remembrance, and community as we light candles in memory of those we've lost.","og_url":"https:\/\/hospicesenb.ca\/fr_ca\/candlelight-memorial-service\/","og_site_name":"Hospice SENB","article_modified_time":"2026-03-06T12:40:26+00:00","og_image":[{"width":2560,"height":1862,"url":"https:\/\/hospicesenb.ca\/wp-content\/uploads\/2023\/11\/img-25-scaled.webp","type":"image\/webp"}],"twitter_card":"summary_large_image","twitter_misc":{"Estimation du temps de lecture":"2 minutes"},"schema":{"@context":"https:\/\/schema.org","@graph":[{"@type":"WebPage","@id":"https:\/\/hospicesenb.ca\/candlelight-memorial-service\/","url":"https:\/\/hospicesenb.ca\/candlelight-memorial-service\/","name":"Candlelight Memorial Service - Hospice SENB","isPartOf":{"@id":"https:\/\/hospicesenb.ca\/#website"},"primaryImageOfPage":{"@id":"https:\/\/hospicesenb.ca\/candlelight-memorial-service\/#primaryimage"},"image":{"@id":"https:\/\/hospicesenb.ca\/candlelight-memorial-service\/#primaryimage"},"thumbnailUrl":"https:\/\/hospicesenb.ca\/wp-content\/uploads\/2023\/11\/img-25-scaled.webp","datePublished":"2024-10-01T13:20:42+00:00","dateModified":"2026-03-06T12:40:26+00:00","description":"Join Hospice SENB's Candlelight Memorial Service to honour and remember loved ones. Experience a heartfelt evening of reflection, remembrance, and community as we light candles in memory of those we've lost.","breadcrumb":{"@id":"https:\/\/hospicesenb.ca\/candlelight-memorial-service\/#breadcrumb"},"inLanguage":"fr-CA","potentialAction":[{"@type":"ReadAction","target":["https:\/\/hospicesenb.ca\/candlelight-memorial-service\/"]}]},{"@type":"ImageObject","inLanguage":"fr-CA","@id":"https:\/\/hospicesenb.ca\/candlelight-memorial-service\/#primaryimage","url":"https:\/\/hospicesenb.ca\/wp-content\/uploads\/2023\/11\/img-25-scaled.webp","contentUrl":"https:\/\/hospicesenb.ca\/wp-content\/uploads\/2023\/11\/img-25-scaled.webp","width":2560,"height":1862,"caption":"none"},{"@type":"BreadcrumbList","@id":"https:\/\/hospicesenb.ca\/candlelight-memorial-service\/#breadcrumb","itemListElement":[{"@type":"ListItem","position":1,"name":"Home","item":"https:\/\/hospicesenb.ca\/"},{"@type":"ListItem","position":2,"name":"Candlelight Memorial Service"}]},{"@type":"WebSite","@id":"https:\/\/hospicesenb.ca\/#website","url":"https:\/\/hospicesenb.ca\/","name":"Hospice SENB","description":"","publisher":{"@id":"https:\/\/hospicesenb.ca\/#organization"},"potentialAction":[{"@type":"SearchAction","target":{"@type":"EntryPoint","urlTemplate":"https:\/\/hospicesenb.ca\/?s={search_term_string}"},"query-input":{"@type":"PropertyValueSpecification","valueRequired":true,"valueName":"search_term_string"}}],"inLanguage":"fr-CA"},{"@type":"Organization","@id":"https:\/\/hospicesenb.ca\/#organization","name":"Hospice SENB","url":"https:\/\/hospicesenb.ca\/","logo":{"@type":"ImageObject","inLanguage":"fr-CA","@id":"https:\/\/hospicesenb.ca\/#\/schema\/logo\/image\/","url":"https:\/\/hospicesenb.ca\/wp-content\/uploads\/2023\/09\/Hospice-Logo-Dark.webp","contentUrl":"https:\/\/hospicesenb.ca\/wp-content\/uploads\/2023\/09\/Hospice-Logo-Dark.webp","width":578,"height":336,"caption":"Hospice SENB"},"image":{"@id":"https:\/\/hospicesenb.ca\/#\/schema\/logo\/image\/"}}]}},"_links":{"self":[{"href":"https:\/\/hospicesenb.ca\/fr_ca\/wp-json\/wp\/v2\/pages\/14867","targetHints":{"allow":["GET"]}}],"collection":[{"href":"https:\/\/hospicesenb.ca\/fr_ca\/wp-json\/wp\/v2\/pages"}],"about":[{"href":"https:\/\/hospicesenb.ca\/fr_ca\/wp-json\/wp\/v2\/types\/page"}],"author":[{"embeddable":true,"href":"https:\/\/hospicesenb.ca\/fr_ca\/wp-json\/wp\/v2\/users\/7"}],"replies":[{"embeddable":true,"href":"https:\/\/hospicesenb.ca\/fr_ca\/wp-json\/wp\/v2\/comments?post=14867"}],"version-history":[{"count":16,"href":"https:\/\/hospicesenb.ca\/fr_ca\/wp-json\/wp\/v2\/pages\/14867\/revisions"}],"predecessor-version":[{"id":16053,"href":"https:\/\/hospicesenb.ca\/fr_ca\/wp-json\/wp\/v2\/pages\/14867\/revisions\/16053"}],"wp:featuredmedia":[{"embeddable":true,"href":"https:\/\/hospicesenb.ca\/fr_ca\/wp-json\/wp\/v2\/media\/5415"}],"wp:attachment":[{"href":"https:\/\/hospicesenb.ca\/fr_ca\/wp-json\/wp\/v2\/media?parent=14867"}],"curies":[{"name":"wp","href":"https:\/\/api.w.org\/{rel}","templated":true}]}}